{"id":1190,"date":"2018-10-15T15:38:14","date_gmt":"2018-10-15T12:38:14","guid":{"rendered":"http:\/\/www.kobibilisim.org.tr\/2-kobi-bilisim\/?page_id=1190"},"modified":"2018-10-30T21:02:41","modified_gmt":"2018-10-30T18:02:41","slug":"kongre-bilgileri-2","status":"publish","type":"page","link":"https:\/\/www.kobibilisim.org.tr\/2-kobi-bilisim\/kongre-bilgileri-2","title":{"rendered":"KONGRE B\u0130LG\u0130LER\u0130"},"content":{"rendered":"<div class=\"column mcb-column one column_column \">\n<div class=\"column_attr clearfix\">\n<div class=\"column mcb-column one column_column \">\n<div class=\"column_attr clearfix\">\n<h2><\/h2>\n<h2>D\u00dcZENLENECEK \u015eEH\u0130RLER<\/h2>\n<hr \/>\n<p>\u0130stanbul, Ankara,\u00a0\u0130zmir<\/p>\n<\/div>\n<\/div>\n<div class=\"column mcb-column one column_column \">\n<div class=\"column_attr clearfix\">\n<h2>ETK\u0130NL\u0130\u011e\u0130N TAR\u0130HLER\u0130<\/h2>\n<hr \/>\n<p>\u0130stanbul: 3 May\u0131s 2018<br \/>\nAnkara: 25 Ekim 2018<br \/>\n\u0130zmir: 3 Kas\u0131m 2018<\/p>\n<\/div>\n<\/div>\n<div class=\"column mcb-column one column_column \">\n<div class=\"column_attr clearfix\">\n<h2>D\u00dcZENLEYEN KURUMLAR<\/h2>\n<hr \/>\n<p><strong>\u0130stanbul<\/strong>: T\u00fcrkiye Bili\u015fim Derne\u011fi, \u0130stanbul Sanayi Odas\u0131, \u0130stanbul Ticaret Odas\u0131, T\u00fcrkiye \u0130hracat\u00e7\u0131lar Meclisi, KOSGEB<br \/>\n<strong>Ankara<\/strong>: T\u00fcrkiye Bili\u015fim Derne\u011fi, Ankara Sanayi Odas\u0131, Ankara Ticaret Odas\u0131, KOSGEB<br \/>\n<strong>\u0130zmir<\/strong>: T\u00fcrkiye Bili\u015fim Derne\u011fi, Ege B\u00f6lgesi Sanayi Odas\u0131, \u0130zmir Ticaret Odas\u0131, KOSGEB<\/p>\n<\/div>\n<\/div>\n<div class=\"column mcb-column one column_column \">\n<div class=\"column_attr clearfix\">\n<h2>ETK\u0130NL\u0130\u011e\u0130N AMACI<\/h2>\n<hr \/>\n<ul>\n<li>\u0130\u015fletmelerin ekonomik hayatta kal\u0131c\u0131 olabilmesi, geli\u015fmesi, g\u00fc\u00e7lendirilmesi ve kurumsalla\u015fmas\u0131 i\u00e7in yap\u0131lmas\u0131 gerekenleri belirlemek.<\/li>\n<li>Yeni para teknolojilerin de\u011ferlendirilmek.<\/li>\n<li>KOB\u0130\u2019ler i\u00e7in kurumsalla\u015fma, giri\u015fimcilik ve ihracat, pazar ara\u015ft\u0131rmas\u0131, yurti\u00e7i ve yurtd\u0131\u015f\u0131 fuarlara kat\u0131l\u0131m destekleri gibi te\u015fvik ve destekler hakk\u0131nda bilgi sa\u011flamak.<\/li>\n<li>K\u00fcreselle\u015fme ile gelen rekabet etkisinin, teknik ve ticari i\u015fbirliklerin ve uluslararas\u0131 ili\u015fkilerin KOB\u0130 \u00e7er\u00e7evesinde de\u011ferlendirilmesini sa\u011flamak.<\/li>\n<li>K\u00fcreselle\u015fmenin t\u00fcm \u00fclkeleri etkileyen ekonomik olumsuzluklar\u0131n\u0131n ortadan kald\u0131r\u0131lmas\u0131 i\u00e7in yap\u0131lan \u00e7al\u0131\u015fmalar ve KOB\u0130 ve Esnaf ve Sanatk\u00e2rlar ile Kooperatiflerin g\u00fc\u00e7lendirilmesi i\u00e7in izlenen bili\u015fim politikalar\u0131n\u0131 de\u011ferlendirmek.<\/li>\n<li>D\u00fc\u015f\u00fck katma de\u011ferli teknoloji kullan\u0131m\u0131n\u0131n k\u00fc\u00e7\u00fck \u00f6l\u00e7ekli i\u015fletmelerin verimlili\u011fine etkisini ve kay\u0131plar\u0131 ortaya koymak.<\/li>\n<li>\u00dclkemizde e-ticaret pazar\u0131n\u0131n geli\u015fmesi i\u00e7in \u00f6zellikle KOB\u0130\u2019lerin internet ortam\u0131nda rekabet edebilmeleri gerekmektedir. Bu kapsamda KOB\u0130\u2019ler i\u00e7in \u00f6nemli bir masraf te\u015fkil eden teknik altyap\u0131 giderlerinin desteklenmesine konusunda hayata ge\u00e7irilen tedbirler ve teknolojileri (bulut vs.) de\u011ferlendirmek.<\/li>\n<li>KOB\u0130 ve Esnaf ve Sanatk\u00e2rlar ile Kooperatiflerin bilgisayar sahipli\u011fi ve internet eri\u015fimini art\u0131r\u0131larak e-ticaret yapmaya te\u015fvik edilmeleri ve \u00f6zel programlar\u0131n hayata ge\u00e7irilmesi i\u00e7in gerekli \u00e7al\u0131\u015fmalar\u0131 belirlemek.<\/li>\n<\/ul>\n<\/div>\n<\/div>\n<div class=\"column mcb-column one column_column \">\n<div class=\"column_attr clearfix\">\n<h2>HEDEF K\u0130TLE<\/h2>\n<hr \/>\n<ul>\n<li>KOB\u0130\u2019ler<\/li>\n<li>\u0130malat Sekt\u00f6r\u00fc<\/li>\n<li>Hizmetler Sekt\u00f6r\u00fc<\/li>\n<li>KOB\u0130 Y\u00f6neticileri<\/li>\n<li>Karar Al\u0131c\u0131lar<\/li>\n<li>Giri\u015fimciler ve melek yat\u0131r\u0131mc\u0131lar<\/li>\n<\/ul>\n<\/div>\n<\/div>\n<div class=\"column mcb-column one column_column \">\n<div class=\"column_attr clearfix\">\n<h2>HEDEFLENEN KATILIMCI SAYISI<\/h2>\n<hr \/>\n<ul>\n<li>400 Ki\u015fi<\/li>\n<\/ul>\n<\/div>\n<\/div>\n<div class=\"column mcb-column one column_column \">\n<div class=\"column_attr clearfix\">\n<h2>KONGRE KONULARI<\/h2>\n<hr \/>\n<ul>\n<li>Rekabet g\u00fcc\u00fc, stratejiler ve \u00fcretim yap\u0131s\u0131<\/li>\n<li>Yeni sanayi d\u00f6n\u00fc\u015f\u00fcm\u00fc ile ortaya \u00e7\u0131kan yeni f\u0131rsatlar<\/li>\n<li>Yenilik\u00e7ilik ve Ar-Ge<\/li>\n<li>Verimlilik<\/li>\n<li>KOB\u0130\u2019lere g\u00fc\u00e7 veren \u00e7\u00f6z\u00fcmler (siber g\u00fcvenlik sigortas\u0131, k\u00fcmelenme)<\/li>\n<li>Bili\u015fim g\u00fcvenli\u011fi fark\u0131ndal\u0131\u011f\u0131<\/li>\n<li>Gen\u00e7 KOB\u0130 ve gen\u00e7 giri\u015fimcilere \u00e7\u00f6z\u00fcm \u00f6nerileri<\/li>\n<li>Melek yat\u0131r\u0131mc\u0131lar ve risk sermayesi kavramlar\u0131<\/li>\n<li>Rekabet stratejileri ve y\u00f6neti\u015fim<\/li>\n<li>\u00dcreten KOB\u0130\u2019ler i\u00e7in Kurumsal Kaynak Planlamas\u0131<\/li>\n<\/ul>\n<\/div>\n<\/div>\n<div class=\"column mcb-column one column_column \">\n<div class=\"column_attr clearfix\"><\/div>\n<\/div>\n<\/div>\n<\/div>\n","protected":false},"excerpt":{"rendered":"<p>D\u00dcZENLENECEK \u015eEH\u0130RLER \u0130stanbul, Ankara,\u00a0\u0130zmir ETK\u0130NL\u0130\u011e\u0130N TAR\u0130HLER\u0130 \u0130stanbul: 3 May\u0131s 2018 Ankara: 25 Ekim 2018 \u0130zmir: 3 Kas\u0131m 2018 D\u00dcZENLEYEN KURUMLAR \u0130stanbul: T\u00fcrkiye Bili\u015fim Derne\u011fi, \u0130stanbul Sanayi<span class=\"excerpt-hellip\"> [\u2026]<\/span><\/p>\n","protected":false},"author":4,"featured_media":0,"parent":0,"menu_order":0,"comment_status":"closed","ping_status":"closed","template":"","meta":{"footnotes":""},"class_list":["post-1190","page","type-page","status-publish","hentry"],"_links":{"self":[{"href":"https:\/\/www.kobibilisim.org.tr\/2-kobi-bilisim\/wp-json\/wp\/v2\/pages\/1190","targetHints":{"allow":["GET"]}}],"collection":[{"href":"https:\/\/www.kobibilisim.org.tr\/2-kobi-bilisim\/wp-json\/wp\/v2\/pages"}],"about":[{"href":"https:\/\/www.kobibilisim.org.tr\/2-kobi-bilisim\/wp-json\/wp\/v2\/types\/page"}],"author":[{"embeddable":true,"href":"https:\/\/www.kobibilisim.org.tr\/2-kobi-bilisim\/wp-json\/wp\/v2\/users\/4"}],"replies":[{"embeddable":true,"href":"https:\/\/www.kobibilisim.org.tr\/2-kobi-bilisim\/wp-json\/wp\/v2\/comments?post=1190"}],"version-history":[{"count":4,"href":"https:\/\/www.kobibilisim.org.tr\/2-kobi-bilisim\/wp-json\/wp\/v2\/pages\/1190\/revisions"}],"predecessor-version":[{"id":1198,"href":"https:\/\/www.kobibilisim.org.tr\/2-kobi-bilisim\/wp-json\/wp\/v2\/pages\/1190\/revisions\/1198"}],"wp:attachment":[{"href":"https:\/\/www.kobibilisim.org.tr\/2-kobi-bilisim\/wp-json\/wp\/v2\/media?parent=1190"}],"curies":[{"name":"wp","href":"https:\/\/api.w.org\/{rel}","templated":true}]}}