{"id":564,"date":"2018-03-28T16:35:08","date_gmt":"2018-03-28T13:35:08","guid":{"rendered":"http:\/\/www.kobibilisim.org.tr\/2-kobi-bilisim\/?page_id=564"},"modified":"2018-07-16T21:42:18","modified_gmt":"2018-07-16T18:42:18","slug":"program","status":"publish","type":"page","link":"https:\/\/www.kobibilisim.org.tr\/2-kobi-bilisim\/istanbul\/program","title":{"rendered":"PROGRAM"},"content":{"rendered":"<div class=\"content_container\">\n<div class=\"container\">\n<div style=\"position: absolute; left: 883px; top: 18px;\"><\/div>\n<div class=\"pro_date\">\n<div class=\"baslik_satir_date\">\n<div class=\"baslik_icerik_date\">3 May\u0131s Per\u015fembe, 2018<\/div>\n<div class=\"baslik_salon\"><\/div>\n<\/div>\n<\/div>\n<div style=\"clear: both;\"><\/div>\n<div class=\"pro\">\n<div class=\"baslik_satir\">\n<div class=\"baslik_saat\">10:00 &#8211; 11:30<\/div>\n<div class=\"baslik_icerik\"><strong>A\u00c7ILI\u015e KONU\u015eMALARI<\/strong><\/div>\n<div class=\"baslik_salon\"><\/div>\n<\/div>\n<div class=\"icerik\" style=\"position: relative;\">\n<div class=\"icerik_text\" style=\"padding-left: 0px;\">Deniz T\u0130RYAK\u0130O\u011eLU &#8211; <em>TBD \u0130stanbul \u015eubesi Ba\u015fkan\u0131<br \/>\n<\/em>Rahmi AKTEPE &#8211; <em>TBD Genel<\/em> <em>Ba\u015fkan\u0131<br \/>\n<\/em>Mustafa \u00c7IKRIK\u00c7IO\u011eLU &#8211; <em>T\u00fcrkiye \u0130hracat\u00e7\u0131lar Meclisi Ba\u015fkan Vekili<br \/>\n<\/em>Adnan DALGAKIRAN<em> &#8211; \u0130stanbul Sanayi Odas\u0131 Y\u00f6netim Kurulu Ba\u015fkan Yard\u0131mc\u0131s\u0131<br \/>\n<\/em>\u0130srafil KURALAY<em> &#8211; \u0130stanbul Ticaret Odas\u0131 Y\u00f6netim Kurulu Ba\u015fkan Yard\u0131mc\u0131s\u0131<br \/>\n<\/em>Do\u00e7. Dr. Hasan Ali \u00c7EL\u0130K <em> &#8211; Bilim, Sanayi ve Teknoloji Bakanl\u0131\u011f\u0131 Bakan Yard\u0131mc\u0131s\u0131<\/em><\/div>\n<div style=\"display: inline-block;\"><\/div>\n<\/div>\n<\/div>\n<div class=\"pro\">\n<div class=\"baslik_satir\">\n<div class=\"baslik_saat\">11:30 &#8211; 11:45<\/div>\n<div class=\"baslik_icerik\"><strong>Kahve Aras\u0131<\/strong><\/div>\n<div class=\"baslik_salon\"><\/div>\n<\/div>\n<div class=\"icerik\" style=\"position: relative;\">\n<div class=\"icerik_text\" style=\"padding-left: 0px;\"><\/div>\n<\/div>\n<\/div>\n<\/div>\n<div><\/div>\n<\/div>\n<div class=\"pro\">\n<div class=\"baslik_satir\">\n<div class=\"baslik_saat\">11:45 &#8211; 13:00<\/div>\n<div class=\"baslik_icerik\"><strong>\u00d6zel Oturum: Dijital D\u00f6n\u00fc\u015f\u00fcmde Yeni F\u0131rsatlar ve KOB\u0130\u2019ler<\/strong><\/div>\n<div class=\"baslik_salon\"><\/div>\n<\/div>\n<div class=\"icerik\" style=\"position: relative;\">\n<div class=\"icerik_text\" style=\"padding-left: 0px;\">\n<p><em><strong><br \/>\n<\/strong><\/em><strong>Oturum Y\u00f6neticisi:<\/strong> Prof.Dr. Adem \u015eAH\u0130N<em> &#8211; TOBB ET\u00dc Rekt\u00f6r\u00fc<\/em><\/p>\n<p>Davetli Konu\u015fmac\u0131lar:<br \/>\nAn\u0131l YILMAZ &#8211;<em> Bilim,Sanayi ve Teknoloji Bak. Verimlilik Gn.Md.<\/em><br \/>\nCem YILMAZ &#8211; <em>Deloitte T\u00fcrkiye \u015eirket Orta\u011f\u0131<br \/>\n<\/em>Ak\u0131n SERTCAN &#8211; <em>Logo \u0130cra Kurulu \u00dcyesi<br \/>\n<\/em>Ali \u00c7ATAK &#8211;<em> abas T\u00fcrkiye Sat\u0131\u015f Y\u00f6neticisi<\/em><em><br \/>\n<\/em>Muammer AYDINLI<em><span class=\"icerik_text\" style=\"padding-left: 0px;\"> &#8211; <\/span>ASELSAN Lider M\u00fchendis<br \/>\n<\/em><\/p>\n<p><em><strong><br \/>\nKonu ba\u015fl\u0131klar\u0131: <\/strong><\/em><\/p>\n<ul>\n<li><em>T\u00fcrkiye\u2019nin dijital potansiyelinin de\u011ferlendirilmesi <\/em><\/li>\n<li><em>Art\u0131k sanayi 4.0 ile d\u00f6n\u00fc\u015f\u00fcm\u00fcn par\u00e7as\u0131 olan ak\u0131ll\u0131 fabrika tecr\u00fcbeleri ve devletin yard\u0131mlar\u0131<\/em><\/li>\n<li><em>KOB\u0130\u2019lerin dijital d\u00f6n\u00fc\u015f\u00fcm\u00fcn\u00fcn \u00f6n\u00fcn\u00fc a\u00e7an \u00e7\u00f6z\u00fcmler<\/em><\/li>\n<li><em>Ba\u015far\u0131 i\u00e7in gerekli ara\u00e7lar<\/em><\/li>\n<li><em>K\u00fcresel rekabet pazar\u0131na giri\u015f<\/em><\/li>\n<\/ul>\n<\/div>\n<div style=\"display: inline-block;\"><\/div>\n<div><\/div>\n<\/div>\n<\/div>\n<div class=\"pro\">\n<div class=\"baslik_satir\">\n<div class=\"baslik_saat\">13:30 &#8211; 14:00<\/div>\n<div class=\"baslik_icerik\">\n<p><strong>\u00d6\u011fle Yeme\u011fi<\/strong><\/p>\n<\/div>\n<div class=\"baslik_salon\"><\/div>\n<\/div>\n<\/div>\n<div class=\"pro\">\n<div class=\"baslik_satir\">\n<div class=\"baslik_saat\"><\/div>\n<div class=\"baslik_icerik\"><strong><span style=\"color: #990000;\">\u00c7\u00d6Z\u00dcM ve FARKINDALIK OTURUMLARI<\/span><\/strong><\/div>\n<div class=\"baslik_salon\"><\/div>\n<\/div>\n<\/div>\n<div class=\"pro\">\n<div class=\"baslik_satir\">\n<div class=\"baslik_saat\">14:00 &#8211; 15:15<\/div>\n<div class=\"baslik_icerik\"><strong>Yar\u0131na Haz\u0131r Olmak: Robotlar ve Bili\u015fim G\u00fcvenli\u011fi<\/strong><\/div>\n<div class=\"baslik_salon\"><\/div>\n<\/div>\n<div class=\"icerik\">\n<div class=\"icerik_text\"><!--<span>\nBilginin anl\u0131k de\u011ferlendirilerek ve i\u015flenerek her alanda verimlili\u011fin art\u0131r\u0131lmas\u0131ndan, b\u00fcy\u00fck verilerin birle\u015ferek yeni katma de\u011ferler yaratacak yepyeni verileri olu\u015fturmas\u0131 d\u00f6nemine gidiyoruz. B\u00fcy\u00fck \u015firketlerden, devletlere kadar t\u00fcm kurumsal yap\u0131lar b\u00fcy\u00fck verinin cazibe alan\u0131na girecek. T\u00fcrkiye\u2019 de B\u00fcy\u00fck Veri\u2019 nin gelece\u011fi ne olacak, Kamu\u2019 nun bu konuda gelecek \u00f6ng\u00f6r\u00fcleri ve haz\u0131rl\u0131klar\u0131 nelerdir?\n<\/span>--><\/div>\n<div class=\"icerik\" style=\"position: relative;\">\n<p><!--\n\n\n<div style=\"position: absolute; left: -72px; top: -20px; z-index:10000 !important;\"><img loading=\"lazy\" decoding=\"async\" style=\"z-index:10000 !important;\" src=\"images\/broaderway.png\" width=\"144\" height=\"115\" alt=\"broaderway\" \/><\/div>\n\n\n--><\/p>\n<div class=\"icerik_text\" style=\"padding-left: 0px;\">\n<p><strong>Oturum Y\u00f6neticisi:<\/strong> Timur SIRT \u2013 <em>Sabah Gazetesi-Yazar<\/em><\/p>\n<p>Davetli Konu\u015fmac\u0131lar:<br \/>\nCabir B\u0130L\u0130RGEN \u2013 <em>KVKK 2. Ba\u015fkan\u0131<\/em><br \/>\nDo\u00e7. Dr. Bilgin MET\u0130N \u2013 <em>Bo\u011fazi\u00e7i \u00dcni., Akademisyen<\/em><br \/>\nDr. Faruk SARI<span class=\"icerik_text\" style=\"padding-left: 0px;\"> &#8211; <em>\u200e<\/em><\/span><em>M\u00dcS\u0130AD Sekt\u00f6r Kurulu Ba\u015fkan Yard\u0131mc\u0131s\u0131<\/em><br \/>\nTolga B\u0130ZEL &#8211; <em>\u200eCLPA TURKEY \u00dclke M\u00fcd\u00fcr\u00fc<\/em><em><br \/>\n<\/em>Zeynep DEREL\u0130 <span class=\"icerik_text\" style=\"padding-left: 0px;\"> &#8211; <\/span><em>Teknoloji ve \u0130nsan Kolejleri- Kurucu &amp; CEO<\/em><\/p>\n<p><em><strong>Konu ba\u015fl\u0131klar\u0131: <\/strong><\/em><\/p>\n<ul>\n<li><em>Daha ucuz ancak daha g\u00fc\u00e7l\u00fc teknolojilerinin geli\u015ftirilmesi se\u00e7enekleri ve robotlar<\/em><\/li>\n<li><em>Yeni ekonomik modelle gelece\u011fe haz\u0131r olmak <\/em><\/li>\n<li><em>Yeni piyasalar, blokzincir ve yasal y\u00f6n\u00fc<\/em><\/li>\n<li><em>Bu teknolojiyle ortaya \u00e7\u0131kan tehditleri ve eden ki\u015fisel verilerin g\u00fcvenli\u011finin sa\u011flanmas\u0131<\/em><\/li>\n<\/ul>\n<p>&nbsp;<\/p>\n<\/div>\n<\/div>\n<div style=\"font-size: 8px; color: #999; padding: 8px 0 0 5px;\"><\/div>\n<\/div>\n<\/div>\n<div class=\"pro\">\n<div class=\"baslik_satir\">\n<div class=\"baslik_saat\">15:15 &#8211; 15:30<\/div>\n<div class=\"baslik_icerik\"><strong>Kahve Aras\u0131<\/strong><\/div>\n<div class=\"baslik_salon\"><\/div>\n<\/div>\n<\/div>\n<div class=\"pro\">\n<div class=\"baslik_satir\">\n<div class=\"baslik_saat\">15:30 &#8211; 16:30<\/div>\n<div class=\"baslik_icerik\"><strong>KOB\u0130\u2019ye G\u00fc\u00e7 Veren \u00c7\u00f6z\u00fcmler, Finans Olanaklar\u0131 ve Destekler<\/strong><\/div>\n<div class=\"baslik_salon\"><\/div>\n<\/div>\n<div class=\"icerik\">\n<div class=\"icerik_text\"><!--<span>\nBilginin anl\u0131k de\u011ferlendirilerek ve i\u015flenerek her alanda verimlili\u011fin art\u0131r\u0131lmas\u0131ndan, b\u00fcy\u00fck verilerin birle\u015ferek yeni katma de\u011ferler yaratacak yepyeni verileri olu\u015fturmas\u0131 d\u00f6nemine gidiyoruz. B\u00fcy\u00fck \u015firketlerden, devletlere kadar t\u00fcm kurumsal yap\u0131lar b\u00fcy\u00fck verinin cazibe alan\u0131na girecek. T\u00fcrkiye\u2019 de B\u00fcy\u00fck Veri\u2019 nin gelece\u011fi ne olacak, Kamu\u2019 nun bu konuda gelecek \u00f6ng\u00f6r\u00fcleri ve haz\u0131rl\u0131klar\u0131 nelerdir?\n<\/span>--><\/div>\n<div class=\"icerik\" style=\"position: relative;\">\n<p><!--\n\n\n<div style=\"position: absolute; left: -72px; top: -20px; z-index:10000 !important;\"><img loading=\"lazy\" decoding=\"async\" style=\"z-index:10000 !important;\" src=\"images\/broaderway.png\" width=\"144\" height=\"115\" alt=\"broaderway\" \/><\/div>\n\n\n--><\/p>\n<div class=\"icerik_text\" style=\"padding-left: 0px;\">\n<p><strong>Oturum Y\u00f6neticisi:<\/strong> <em>G\u00f6ker SARP <\/em><em>&#8211; Kurumsal D\u00f6n\u00fc\u015f\u00fcm Platformu Koordinat\u00f6r\u00fc<\/em><\/p>\n<p>&nbsp;<\/p>\n<p>Davetli Konu\u015fmac\u0131lar:<br \/>\nMehmet Ali KILI\u00c7KAYA<span class=\"icerik_text\" style=\"padding-left: 0px;\"><span class=\"icerik_text\" style=\"padding-left: 0px;\"> <em>&#8211; <\/em><\/span><em>Ekonomi Bakanl\u0131\u011f\u0131 &#8211; \u0130hracat Genel M\u00fcd\u00fcr Yard\u0131mc\u0131s\u0131<\/em><\/span><br \/>\nEsra TALU<span class=\"icerik_text\" style=\"padding-left: 0px;\"> <em>&#8211; <\/em><\/span><em>Keiretsu Forum T\u00fcrkiye Genel M\u00fcd\u00fcr\u00fc<br \/>\n<\/em><span class=\"icerik_text\" style=\"padding-left: 0px;\">Zeynep KASIMO\u011eLU<span class=\"icerik_text\" style=\"padding-left: 0px;\"> <em>&#8211; <\/em><\/span><em>KOSGEB Bo\u011fazi\u00e7i M\u00fcd\u00fcr\u00fc<\/em><\/span><br \/>\nKurtulu\u015f NEVRUZ<span class=\"icerik_text\" style=\"padding-left: 0px;\"> <em>&#8211; <\/em><\/span><em>T\u00dcRKKEP Y\u00f6netim Kurulu Ba\u015fkan\u0131<br \/>\n<\/em>Mehmet ORMANCI<span class=\"icerik_text\" style=\"padding-left: 0px;\"> <em>&#8211; <\/em><\/span><em>TEB-KOBi Bankac\u0131l\u0131\u011f\u0131 Sat\u0131\u015f Grup Direkt\u00f6r\u00fc<\/em><br \/>\n<em><strong><br \/>\nKonu ba\u015fl\u0131klar\u0131: <\/strong><\/em><\/p>\n<ul>\n<li><em>\u00dcretmek, geni\u015flemek, k\u00fcresel pazarda yer almak ve k\u00e2r\u0131 art\u0131rmak i\u00e7in gerekli olan sermayeye ula\u015f\u0131m yollar\u0131 <\/em><\/li>\n<li><em>Kobilerde s\u00fcrd\u00fcr\u00fclebilir ve rekabet\u00e7i \u00f6nder olmak i\u00e7in e-d\u00f6n\u00fc\u015f\u00fcm\u00fcn \u00f6nemi ve ara\u00e7lar\u0131; Kep, e-ar\u015fiv, e-fatura, e-\u0130K hayata ge\u00e7irme, yasal sorumluluklar, <\/em><\/li>\n<li><em>\u0130\u015fletmelerin kazan\u00e7lar\u0131. Bu s\u00fcre\u00e7te olas\u0131 sorular ve \u00e7\u00f6z\u00fcmleri<\/em><\/li>\n<\/ul>\n<p><em>Oturum Sponsorunun Hediye \u00c7ekili\u015fi (2 Tablet ile beraber 2 adet H\u0131zl\u0131 Okuma Seti)<\/em><\/p>\n<\/div>\n<\/div>\n<\/div>\n<\/div>\n<div class=\"pro\">\n<div class=\"baslik_satir\">\n<div class=\"baslik_saat\">16:30 &#8211; 16:45<\/div>\n<div class=\"baslik_icerik\"><strong>KONGRE DE\u011eERLEND\u0130RMES\u0130 VE SPONSOR PLAKET T\u00d6REN\u0130<\/strong><\/div>\n<div class=\"baslik_salon\"><\/div>\n<\/div>\n<div class=\"icerik\">\n<div class=\"icerik_text\"><!--<span>\nBilginin anl\u0131k de\u011ferlendirilerek ve i\u015flenerek her alanda verimlili\u011fin art\u0131r\u0131lmas\u0131ndan, b\u00fcy\u00fck verilerin birle\u015ferek yeni katma de\u011ferler yaratacak yepyeni verileri olu\u015fturmas\u0131 d\u00f6nemine gidiyoruz. B\u00fcy\u00fck \u015firketlerden, devletlere kadar t\u00fcm kurumsal yap\u0131lar b\u00fcy\u00fck verinin cazibe alan\u0131na girecek. T\u00fcrkiye\u2019 de B\u00fcy\u00fck Veri\u2019 nin gelece\u011fi ne olacak, Kamu\u2019 nun bu konuda gelecek \u00f6ng\u00f6r\u00fcleri ve haz\u0131rl\u0131klar\u0131 nelerdir?\n<\/span>--><\/div>\n<div class=\"icerik\" style=\"position: relative;\">\n<p><!--\n\n\n<div style=\"position: absolute; left: -72px; top: -20px; z-index:10000 !important;\"><img loading=\"lazy\" decoding=\"async\" style=\"z-index:10000 !important;\" src=\"images\/broaderway.png\" width=\"144\" height=\"115\" alt=\"broaderway\" \/><\/div>\n\n\n--><\/p>\n<div class=\"icerik_text\" style=\"padding-left: 0px;\">\n<table border=\"0\" width=\"100%\" cellspacing=\"0\" cellpadding=\"0\">\n<tbody>\n<tr class=\"icerik_text\">\n<td><em>*Teyitleri Bekleniyor<\/em><\/p>\n<p>&nbsp;<\/td>\n<\/tr>\n<tr class=\"icerik_text\">\n<td align=\"center\"><strong>Elde edilen her bilgi, karar al\u0131c\u0131y\u0131 rekabette daha g\u00fc\u00e7l\u00fc k\u0131l\u0131yor.<br \/>\nK\u00fcresel rekabette \u00f6nc\u00fc olabilmeniz i\u00e7in Kongremize sizi bekliyoruz.<\/strong><\/td>\n<\/tr>\n<\/tbody>\n<\/table>\n<\/div>\n<\/div>\n<\/div>\n<\/div>\n","protected":false},"excerpt":{"rendered":"<p>3 May\u0131s Per\u015fembe, 2018 10:00 &#8211; 11:30 A\u00c7ILI\u015e KONU\u015eMALARI Deniz T\u0130RYAK\u0130O\u011eLU &#8211; TBD \u0130stanbul \u015eubesi Ba\u015fkan\u0131 Rahmi AKTEPE &#8211; TBD Genel Ba\u015fkan\u0131 Mustafa \u00c7IKRIK\u00c7IO\u011eLU &#8211; T\u00fcrkiye<span class=\"excerpt-hellip\"> [\u2026]<\/span><\/p>\n","protected":false},"author":8,"featured_media":0,"parent":550,"menu_order":0,"comment_status":"closed","ping_status":"closed","template":"","meta":{"footnotes":""},"class_list":["post-564","page","type-page","status-publish","hentry"],"_links":{"self":[{"href":"https:\/\/www.kobibilisim.org.tr\/2-kobi-bilisim\/wp-json\/wp\/v2\/pages\/564","targetHints":{"allow":["GET"]}}],"collection":[{"href":"https:\/\/www.kobibilisim.org.tr\/2-kobi-bilisim\/wp-json\/wp\/v2\/pages"}],"about":[{"href":"https:\/\/www.kobibilisim.org.tr\/2-kobi-bilisim\/wp-json\/wp\/v2\/types\/page"}],"author":[{"embeddable":true,"href":"https:\/\/www.kobibilisim.org.tr\/2-kobi-bilisim\/wp-json\/wp\/v2\/users\/8"}],"replies":[{"embeddable":true,"href":"https:\/\/www.kobibilisim.org.tr\/2-kobi-bilisim\/wp-json\/wp\/v2\/comments?post=564"}],"version-history":[{"count":2,"href":"https:\/\/www.kobibilisim.org.tr\/2-kobi-bilisim\/wp-json\/wp\/v2\/pages\/564\/revisions"}],"predecessor-version":[{"id":1077,"href":"https:\/\/www.kobibilisim.org.tr\/2-kobi-bilisim\/wp-json\/wp\/v2\/pages\/564\/revisions\/1077"}],"up":[{"embeddable":true,"href":"https:\/\/www.kobibilisim.org.tr\/2-kobi-bilisim\/wp-json\/wp\/v2\/pages\/550"}],"wp:attachment":[{"href":"https:\/\/www.kobibilisim.org.tr\/2-kobi-bilisim\/wp-json\/wp\/v2\/media?parent=564"}],"curies":[{"name":"wp","href":"https:\/\/api.w.org\/{rel}","templated":true}]}}