{"id":566,"date":"2018-03-28T16:35:46","date_gmt":"2018-03-28T13:35:46","guid":{"rendered":"http:\/\/www.kobibilisim.org.tr\/2-kobi-bilisim\/?page_id=566"},"modified":"2018-11-01T18:33:04","modified_gmt":"2018-11-01T15:33:04","slug":"program","status":"publish","type":"page","link":"https:\/\/www.kobibilisim.org.tr\/2-kobi-bilisim\/izmir\/program","title":{"rendered":"PROGRAM"},"content":{"rendered":"<p>&nbsp;<\/p>\n<table id=\"tablo1\" width=\"1200\">\n<tbody>\n<tr bgcolor=\"#7EDDF4\">\n<td width=\"100\"><strong>09:00-09:30<\/strong><\/td>\n<td width=\"1100\"><strong>Kay\u0131t<\/strong><\/td>\n<\/tr>\n<tr>\n<th width=\"100\">09:30-11:15<\/th>\n<td width=\"1100\"><strong>A\u00e7\u0131l\u0131\u015f Konu\u015fmalar\u0131<\/strong><br \/>\nRahmi AKTEPE &#8211; TBD Genel Ba\u015fkan\u0131<br \/>\nMustafa \u00c7ANAK\u00c7I, KOSGEB \u0130zmir G\u00fcney M\u00fcd\u00fcr\u00fc<br \/>\nH. \u0130brahim G\u00d6K\u00c7\u00dcO\u011eLU, EBSO Ba\u015fkan Yrd.<br \/>\nMahmut \u00d6ZGENER, \u0130ZTO Ba\u015fkan\u0131\n<\/td>\n<\/tr>\n<tr>\n<td bgcolor=\"#c7e7b1\" width=\"100\"><\/td>\n<td bgcolor=\"#c7e7b1\" width=\"1100\"><strong>\u00c7a\u011fr\u0131l\u0131 Konu\u015fmac\u0131: \u201cKOB\u0130&#8217;lerin KVKK Sorumlulu\u011fu\u201d Cabir Bilirgen, KVKK 2. Ba\u015fkan\u0131<\/strong><br \/>\n<strong>\u00c7a\u011fr\u0131l\u0131 Konu\u015fmac\u0131: Ersen Dam\u00e7ay\u0131r\u0131, Kredi Garanti Fonu \u0130zmir \u015eube M\u00fcd\u00fcr\u00fc<\/strong><\/td>\n<\/tr>\n<tr>\n<td bgcolor=\"#c0c5ed\" width=\"100\"><strong>11:15-12:30<\/strong><\/td>\n<td bgcolor=\"#c0c5ed\" width=\"1100\"><strong>Panel: Dijital D\u00f6n\u00fc\u015f\u00fcmde Yeni F\u0131rsatlar ve KOB\u0130LER<\/strong><\/td>\n<\/tr>\n<tr>\n<td width=\"100\"><\/td>\n<td width=\"1100\"><strong>Y\u00f6netici: <\/strong>Prof. Dr. Murat A\u015eKAR,\u0130zmir Ekonomi \u00dcnv. Rekt\u00f6r Yrd.<\/p>\n<p><strong>Konu\u015fmac\u0131lar:<\/strong><br \/>\nAk\u0131n SERTCAN, Logo Yaz\u0131l\u0131m \u0130cra Kurulu \u00dcyesi<br \/>\nTolga B\u0130ZEL, CLPA T\u00fcrkiye \u00dclke M\u00fcd\u00fcr\u00fc<br \/>\nProf.Dr. Emin AK\u00c7AO\u011eLU, Beykent \u00dcnv.<br \/>\nProf.Dr. Rainer Wehner, W\u00fcrzburg-Schweinfurt Uygulamal\u0131 Bilimler \u00dcnv.<\/td>\n<\/tr>\n<tr bgcolor=\"#c0c5ed\">\n<td width=\"100\"><strong>11:15-12:30<\/strong><\/td>\n<td width=\"1100\"><strong>Salon 2 | \u00d6zel Oturum: Yar\u0131na Haz\u0131r Olmak: KOB\u0130&#8217;lerde Dijital Ya\u015fam<\/strong><\/td>\n<\/tr>\n<tr>\n<td width=\"100\"><\/td>\n<td width=\"1100\"><strong>Y\u00f6netici:<\/strong> Vahit \u00c7imen, \u0130zmir Ticaret Odas\u0131 Bilgisayar Donan\u0131m Komite Ba\u015fkan\u0131<\/p>\n<p><strong>Konu\u015fmac\u0131lar:<\/strong><br \/>\nSedat Zencirci,Oracle \u00c7\u00f6z\u00fcm M\u00fchendisli\u011fi Direkt\u00f6r\u00fc<br \/>\nProf. Dr. Hilmi Y\u00fcksel, Dokuz Eyl\u00fcl \u00dcnviversitesi<br \/>\nAli R\u0131za BABAO\u011eLAN, Melek Yat\u0131r\u0131mc\u0131 Dan\u0131\u015fman<br \/>\nPTT Yetkilisi<\/td>\n<\/tr>\n<\/tbody>\n<\/table>\n<p><center>*Tensipleri halinde<\/center><\/p>\n","protected":false},"excerpt":{"rendered":"<p>&nbsp; 09:00-09:30 Kay\u0131t 09:30-11:15 A\u00e7\u0131l\u0131\u015f Konu\u015fmalar\u0131 Rahmi AKTEPE &#8211; TBD Genel Ba\u015fkan\u0131 Mustafa \u00c7ANAK\u00c7I, KOSGEB \u0130zmir G\u00fcney M\u00fcd\u00fcr\u00fc H. \u0130brahim G\u00d6K\u00c7\u00dcO\u011eLU, EBSO Ba\u015fkan Yrd. Mahmut \u00d6ZGENER,<span class=\"excerpt-hellip\"> [\u2026]<\/span><\/p>\n","protected":false},"author":8,"featured_media":0,"parent":553,"menu_order":0,"comment_status":"closed","ping_status":"closed","template":"","meta":{"footnotes":""},"class_list":["post-566","page","type-page","status-publish","hentry"],"_links":{"self":[{"href":"https:\/\/www.kobibilisim.org.tr\/2-kobi-bilisim\/wp-json\/wp\/v2\/pages\/566","targetHints":{"allow":["GET"]}}],"collection":[{"href":"https:\/\/www.kobibilisim.org.tr\/2-kobi-bilisim\/wp-json\/wp\/v2\/pages"}],"about":[{"href":"https:\/\/www.kobibilisim.org.tr\/2-kobi-bilisim\/wp-json\/wp\/v2\/types\/page"}],"author":[{"embeddable":true,"href":"https:\/\/www.kobibilisim.org.tr\/2-kobi-bilisim\/wp-json\/wp\/v2\/users\/8"}],"replies":[{"embeddable":true,"href":"https:\/\/www.kobibilisim.org.tr\/2-kobi-bilisim\/wp-json\/wp\/v2\/comments?post=566"}],"version-history":[{"count":10,"href":"https:\/\/www.kobibilisim.org.tr\/2-kobi-bilisim\/wp-json\/wp\/v2\/pages\/566\/revisions"}],"predecessor-version":[{"id":1370,"href":"https:\/\/www.kobibilisim.org.tr\/2-kobi-bilisim\/wp-json\/wp\/v2\/pages\/566\/revisions\/1370"}],"up":[{"embeddable":true,"href":"https:\/\/www.kobibilisim.org.tr\/2-kobi-bilisim\/wp-json\/wp\/v2\/pages\/553"}],"wp:attachment":[{"href":"https:\/\/www.kobibilisim.org.tr\/2-kobi-bilisim\/wp-json\/wp\/v2\/media?parent=566"}],"curies":[{"name":"wp","href":"https:\/\/api.w.org\/{rel}","templated":true}]}}