{"id":102,"date":"2019-07-24T15:00:47","date_gmt":"2019-07-24T12:00:47","guid":{"rendered":"https:\/\/www.kobibilisim.org.tr\/2019\/?page_id=102"},"modified":"2019-09-23T17:17:23","modified_gmt":"2019-09-23T14:17:23","slug":"izmir","status":"publish","type":"page","link":"https:\/\/www.kobibilisim.org.tr\/2019\/izmir","title":{"rendered":"\u0130ZM\u0130R"},"content":{"rendered":"<p><a href=\"\/2019\/izmir\/kayit\"><img loading=\"lazy\" decoding=\"async\" class=\"aligncenter size-medium\" src=\"http:\/\/www.kobibilisim.org.tr\/2-kobi-bilisim\/wp-content\/uploads\/2018\/04\/ucretsiz-kay\u0131t-ol-tbd-kobi-bilisim-300x137.png\" width=\"300\" height=\"137\" \/><\/a><\/p>\n<p>KOB\u0130\u2019ler d\u00fcnyan\u0131n bir\u00e7ok ekonomisinde b\u00fcy\u00fcme ve istihdam\u0131n ana kayna\u011f\u0131n\u0131 olu\u015fturmas\u0131n\u0131n yan\u0131s\u0131ra yenilik\u00e7ili\u011fin geli\u015ftirilmesi ve yay\u0131lmas\u0131ndaki rolleriyle \u00fclkelerin kalk\u0131nma s\u00fcre\u00e7lerinde lokomotif g\u00f6revi g\u00f6rmektedir. \u00dclkemizin ekonomik yap\u0131s\u0131 incelendi\u011finde de KOB\u0130\u2019lerin \u00fcretim, istihdam ve ihracata olan katk\u0131lar\u0131ndan dolay\u0131 \u00f6nemli bir konuma sahip oldu\u011fu g\u00f6r\u00fclmektedir.<\/p>\n<p>Ancak, \u00dclkemizdeki KOB\u0130\u2019lerin i\u015fg\u00fcc\u00fc verimlilik ve rekabet\u00e7ilik d\u00fczeyinin bir\u00e7ok Avrupa \u00fclkesinden daha d\u00fc\u015f\u00fck olmas\u0131n\u0131n; finansmana eri\u015fim, b\u00fcy\u00fcme, yeni teknolojilere uyum sa\u011flama, yenilik\u00e7ilik ve kurumsalla\u015fma alanlar\u0131nda ya\u015fanan sorunlar\u0131n yans\u0131mas\u0131 ve de\u011fi\u015fim ve d\u00f6n\u00fc\u015f\u00fcm\u00fc yakalayamamas\u0131ndan kaynaklanmaktad\u0131r.<\/p>\n<p>De\u011fi\u015fim ve d\u00f6n\u00fc\u015f\u00fcm\u00fc KOB\u0130\u2019lerin tek ba\u015f\u0131na yapmas\u0131n\u0131 bekleyemeyiz. Kamu, \u00fcniversite, finans kurulu\u015flar\u0131 ve her biri sekt\u00f6re \u00f6nc\u00fcl\u00fck eden sivil toplum kurulu\u015flar\u0131, de\u011fi\u015fim ve d\u00f6n\u00fc\u015f\u00fcm\u00fcn ana akt\u00f6rleri olarak KOB\u0130\u2019lere yol g\u00f6sterici ve destekleyici olmal\u0131d\u0131r. Bu destekler, \u00fclke kalk\u0131nmas\u0131na, sosyal refah\u0131n artmas\u0131na, geli\u015fmi\u015flik farklar\u0131n\u0131n azalmas\u0131na, istikrar\u0131n sa\u011flanmas\u0131na ve rekabet g\u00fcc\u00fcn\u00fcn art\u0131r\u0131lmas\u0131na \u00f6nemli katk\u0131 sa\u011flayacakt\u0131r.<\/p>\n<p>KOB\u0130\u2019lerin geli\u015fimi, rekabet\u00e7ilik endekslerinin y\u00fckseltilmesi amac\u0131yla 2017 y\u0131l\u0131ndan itibaren ger\u00e7ekle\u015ftirdi\u011fimiz <strong>\u0130zmir <\/strong><strong>KOB\u0130 ve Bili\u015fim Kongrelerinin<\/strong> 2.cisi bu sene <strong>03 Ekim 2019<\/strong><strong> tarihinde, <\/strong><strong>\u0130zmir Ticaret Odas\u0131<\/strong><strong> Konferans Salonu<\/strong>\u2019nda d\u00fczenlenecektir.<\/p>\n<p>Etkinlik boyunca KOB\u0130\u2019lerin dijital d\u00f6n\u00fc\u015f\u00fcm\u00fc ile ilgili konular insan, s\u00fcre\u00e7 ve teknoloji boyutuyla masaya yat\u0131r\u0131lacak, s\u00f6z konusu f\u0131rsatlar\u0131n de\u011ferlendirilmesine ve\/veya zorluklar\u0131n giderilmesine y\u00f6nelik \u00f6neriler tart\u0131\u015f\u0131lacak ve gerekli eylem planlar\u0131n\u0131n ortak ak\u0131l ile olu\u015fturulmas\u0131 sa\u011flanacakt\u0131r.<\/p>\n<p>Rahmi AKTEPE<br \/>\nTBD Genel Ba\u015fkan\u0131<\/p>\n","protected":false},"excerpt":{"rendered":"<p>KOB\u0130\u2019ler d\u00fcnyan\u0131n bir\u00e7ok ekonomisinde b\u00fcy\u00fcme ve istihdam\u0131n ana kayna\u011f\u0131n\u0131 olu\u015fturmas\u0131n\u0131n yan\u0131s\u0131ra yenilik\u00e7ili\u011fin geli\u015ftirilmesi ve yay\u0131lmas\u0131ndaki rolleriyle \u00fclkelerin kalk\u0131nma s\u00fcre\u00e7lerinde lokomotif g\u00f6revi g\u00f6rmektedir. \u00dclkemizin ekonomik yap\u0131s\u0131 incelendi\u011finde<span class=\"excerpt-hellip\"> [\u2026]<\/span><\/p>\n","protected":false},"author":1,"featured_media":0,"parent":0,"menu_order":0,"comment_status":"closed","ping_status":"closed","template":"","meta":{"rs_blank_template":"","rs_page_bg_color":"","slide_template_v7":"","footnotes":""},"class_list":["post-102","page","type-page","status-publish","hentry"],"_links":{"self":[{"href":"https:\/\/www.kobibilisim.org.tr\/2019\/wp-json\/wp\/v2\/pages\/102","targetHints":{"allow":["GET"]}}],"collection":[{"href":"https:\/\/www.kobibilisim.org.tr\/2019\/wp-json\/wp\/v2\/pages"}],"about":[{"href":"https:\/\/www.kobibilisim.org.tr\/2019\/wp-json\/wp\/v2\/types\/page"}],"author":[{"embeddable":true,"href":"https:\/\/www.kobibilisim.org.tr\/2019\/wp-json\/wp\/v2\/users\/1"}],"replies":[{"embeddable":true,"href":"https:\/\/www.kobibilisim.org.tr\/2019\/wp-json\/wp\/v2\/comments?post=102"}],"version-history":[{"count":6,"href":"https:\/\/www.kobibilisim.org.tr\/2019\/wp-json\/wp\/v2\/pages\/102\/revisions"}],"predecessor-version":[{"id":330,"href":"https:\/\/www.kobibilisim.org.tr\/2019\/wp-json\/wp\/v2\/pages\/102\/revisions\/330"}],"wp:attachment":[{"href":"https:\/\/www.kobibilisim.org.tr\/2019\/wp-json\/wp\/v2\/media?parent=102"}],"curies":[{"name":"wp","href":"https:\/\/api.w.org\/{rel}","templated":true}]}}