{"id":161,"date":"2019-08-06T15:16:38","date_gmt":"2019-08-06T12:16:38","guid":{"rendered":"https:\/\/www.kobibilisim.org.tr\/2019\/?page_id=161"},"modified":"2019-09-11T15:20:43","modified_gmt":"2019-09-11T12:20:43","slug":"kongre-bilgileri","status":"publish","type":"page","link":"https:\/\/www.kobibilisim.org.tr\/2019\/izmir\/kongre-bilgileri","title":{"rendered":"KONGRE B\u0130LG\u0130LER\u0130"},"content":{"rendered":"<p><strong>ETK\u0130NL\u0130\u011e\u0130N AMACI<\/strong><\/p>\n<ul>\n<li>\u0130\u015fletmelerin ekonomik hayatta kal\u0131c\u0131 olabilmesi, geli\u015fmesi, g\u00fc\u00e7lendirilmesi ve kurumsalla\u015fmas\u0131 i\u00e7in yap\u0131lmas\u0131 gerekenleri belirlemek.<\/li>\n<li>Yeni para teknolojilerin de\u011ferlendirilmek.<\/li>\n<li>KOB\u0130\u2019lerin dijitalle\u015fmesine, rekabet\u00e7ili\u011finin artt\u0131r\u0131lmas\u0131na ve kurumsalla\u015fmas\u0131na y\u00f6nelik te\u015fvik ve destekler hakk\u0131nda bilgi sa\u011flamak.<\/li>\n<li>K\u00fcreselle\u015fme ile gelen rekabet etkisinin, teknik ve ticari i\u015fbirliklerin ve uluslararas\u0131 ili\u015fkilerin KOB\u0130 \u00e7er\u00e7evesinde de\u011ferlendirilmesini sa\u011flamak.<\/li>\n<li>K\u00fcreselle\u015fmenin t\u00fcm \u00fclkeleri etkileyen ekonomik olumsuzluklar\u0131n\u0131n ortadan kald\u0131r\u0131lmas\u0131 i\u00e7in yap\u0131lan \u00e7al\u0131\u015fmalar ve KOB\u0130 ve Esnaf ve Sanatk\u00e2rlar ile Kooperatiflerin g\u00fc\u00e7lendirilmesi i\u00e7in izlenen bili\u015fim politikalar\u0131n\u0131 de\u011ferlendirmek.<\/li>\n<li>D\u00fc\u015f\u00fck katma de\u011ferli teknoloji kullan\u0131m\u0131n\u0131n k\u00fc\u00e7\u00fck \u00f6l\u00e7ekli i\u015fletmelerin verimlili\u011fine etkisini ve kay\u0131plar\u0131 ortaya koymak.<\/li>\n<li>\u00dclkemizde e-ticaret pazar\u0131n\u0131n geli\u015fmesi i\u00e7in \u00f6zellikle KOB\u0130\u2019lerin internet ortam\u0131nda rekabet edebilmeleri gerekmektedir. Bu kapsamda KOB\u0130\u2019ler i\u00e7in \u00f6nemli bir masraf te\u015fkil eden teknik altyap\u0131 giderlerinin desteklenmesine konusunda hayata ge\u00e7irilen tedbirler ve teknolojileri (bulut vs.) de\u011ferlendirmek.<\/li>\n<li>KOB\u0130 ve Esnaf ve Sanatk\u00e2rlar ile Kooperatiflerin bilgisayar sahipli\u011fi ve internet eri\u015fimini art\u0131r\u0131larak e-ticaret yapmaya te\u015fvik edilmeleri ve \u00f6zel programlar\u0131n hayata ge\u00e7irilmesi i\u00e7in gerekli \u00e7al\u0131\u015fmalar\u0131 belirlemek.<\/li>\n<\/ul>\n<p><strong>ETK\u0130NL\u0130\u011e\u0130N SLOGANI<\/strong><\/p>\n<p>\u201cEkonominin itici g\u00fcc\u00fc KOB\u0130LER, KOB\u0130LER\u0130N itici g\u00fcc\u00fc B\u0130L\u0130\u015e\u0130M&#8221;<br \/>\nAk\u0131ll\u0131 \u00dcretim\u2019le K\u00fcresel Rekabet<\/p>\n<p><strong>ETK\u0130NL\u0130\u011e\u0130N ADI<\/strong><\/p>\n<p>3.Ankara KOB\u0130LER ve B\u0130L\u0130\u015e\u0130M Kongresi<br \/>\n2.\u0130zmir KOB\u0130LER ve B\u0130L\u0130\u015e\u0130M Kongresi<\/p>\n<p><strong>D\u00dcZENLENECEK \u015eEH\u0130RLER<\/strong><\/p>\n<p>Ankara, \u0130zmir<\/p>\n<p><strong>ETK\u0130NL\u0130\u011e\u0130N TAR\u0130HLER\u0130 ve YER\u0130<\/strong><\/p>\n<p><strong>Ankara:<\/strong> 19 Eyl\u00fcl 2019, Bilgi Teknolojileri ve \u0130leti\u015fim Kurumu<br \/>\n<strong>\u0130zmir:<\/strong> 3 Ekim 2019, \u0130zmir Ticaret Odas\u0131<\/p>\n<p><strong>D\u00dcZENLEYEN KURUMLAR<\/strong><\/p>\n<p><strong>Ankara:<\/strong> T\u00fcrkiye Bili\u015fim Derne\u011fi, Ankara Sanayi Odas\u0131, Ankara Ticaret Odas\u0131, KOSGEB<br \/>\n<strong>\u0130zmir:<\/strong> T\u00fcrkiye Bili\u015fim Derne\u011fi, Ege B\u00f6lgesi Sanayi Odas\u0131, \u0130zmir Ticaret Odas\u0131, KOSGEB<\/p>\n<p><strong>HEDEF K\u0130TLE<\/strong><\/p>\n<ul>\n<li>KOB\u0130\u2019ler<\/li>\n<li>\u0130malat Sanayi<\/li>\n<li>Hizmet Sekt\u00f6r\u00fc<\/li>\n<li>Bili\u015fim Sekt\u00f6r\u00fc<\/li>\n<li>Sanayi ve Ticaret Odalar\u0131<\/li>\n<li>Organize Sanayi B\u00f6lgeleri<\/li>\n<li>KOB\u0130 y\u00f6neticileri<\/li>\n<li>Bili\u015fim Sorumlular\u0131<\/li>\n<li>Karar al\u0131c\u0131lar<\/li>\n<li>Giri\u015fimciler ve melek yat\u0131r\u0131mc\u0131lar<\/li>\n<\/ul>\n<p><strong>HEDEFLENEN KATILIMCI SAYISI<\/strong><br \/>\n200-250 Ki\u015fi<\/p>\n","protected":false},"excerpt":{"rendered":"<p>ETK\u0130NL\u0130\u011e\u0130N AMACI \u0130\u015fletmelerin ekonomik hayatta kal\u0131c\u0131 olabilmesi, geli\u015fmesi, g\u00fc\u00e7lendirilmesi ve kurumsalla\u015fmas\u0131 i\u00e7in yap\u0131lmas\u0131 gerekenleri belirlemek. Yeni para teknolojilerin de\u011ferlendirilmek. KOB\u0130\u2019lerin dijitalle\u015fmesine, rekabet\u00e7ili\u011finin artt\u0131r\u0131lmas\u0131na ve kurumsalla\u015fmas\u0131na y\u00f6nelik<span class=\"excerpt-hellip\"> [\u2026]<\/span><\/p>\n","protected":false},"author":1,"featured_media":0,"parent":102,"menu_order":0,"comment_status":"closed","ping_status":"closed","template":"","meta":{"rs_blank_template":"","rs_page_bg_color":"","slide_template_v7":"","footnotes":""},"class_list":["post-161","page","type-page","status-publish","hentry"],"_links":{"self":[{"href":"https:\/\/www.kobibilisim.org.tr\/2019\/wp-json\/wp\/v2\/pages\/161","targetHints":{"allow":["GET"]}}],"collection":[{"href":"https:\/\/www.kobibilisim.org.tr\/2019\/wp-json\/wp\/v2\/pages"}],"about":[{"href":"https:\/\/www.kobibilisim.org.tr\/2019\/wp-json\/wp\/v2\/types\/page"}],"author":[{"embeddable":true,"href":"https:\/\/www.kobibilisim.org.tr\/2019\/wp-json\/wp\/v2\/users\/1"}],"replies":[{"embeddable":true,"href":"https:\/\/www.kobibilisim.org.tr\/2019\/wp-json\/wp\/v2\/comments?post=161"}],"version-history":[{"count":1,"href":"https:\/\/www.kobibilisim.org.tr\/2019\/wp-json\/wp\/v2\/pages\/161\/revisions"}],"predecessor-version":[{"id":162,"href":"https:\/\/www.kobibilisim.org.tr\/2019\/wp-json\/wp\/v2\/pages\/161\/revisions\/162"}],"up":[{"embeddable":true,"href":"https:\/\/www.kobibilisim.org.tr\/2019\/wp-json\/wp\/v2\/pages\/102"}],"wp:attachment":[{"href":"https:\/\/www.kobibilisim.org.tr\/2019\/wp-json\/wp\/v2\/media?parent=161"}],"curies":[{"name":"wp","href":"https:\/\/api.w.org\/{rel}","templated":true}]}}