{"id":10,"date":"2019-04-01T15:29:34","date_gmt":"2019-04-01T12:29:34","guid":{"rendered":"https:\/\/www.kobibilisim.org.tr\/2022\/?page_id=10"},"modified":"2022-05-18T22:14:26","modified_gmt":"2022-05-18T19:14:26","slug":"kongre-bilgileri","status":"publish","type":"page","link":"https:\/\/www.kobibilisim.org.tr\/2022\/istanbul\/kongre-bilgileri","title":{"rendered":"KONGRE B\u0130LG\u0130LER\u0130"},"content":{"rendered":"<p>De\u011ferli Kat\u0131l\u0131mc\u0131m\u0131z,<\/p>\n<p>T\u00fcrkiye Bili\u015fim Derne\u011fi \u0130stanbul \u015eubesi taraf\u0131ndan d\u00fczenlenen\u00a0<strong>5. \u0130stanbul KOB\u0130\u2019ler ve Bili\u015fim Kongremiz<\/strong>\u00a0bu sene\u00a0<strong>25-26 May\u0131s 2022<\/strong>\u00a0tarihlerinde\u00a0<strong>\u00e7evrim i\u00e7i<\/strong>\u00a0olarak yap\u0131lacakt\u0131r. Temam\u0131z\u00a0<strong>\u201cYe\u015fil D\u00fcnya, Teknoloji ve \u0130hracat\u00e7\u0131 KOB\u0130\u2019ler\u201d<\/strong><\/p>\n<p>Son y\u0131llarda teknoloji ve sanayinin h\u0131zla geli\u015fmesi, \u00e7evre sorunlar\u0131n\u0131n da artmas\u0131na sebep olmu\u015f, bu sebeple Ye\u015fil Ekonomi; Ekoloji, S\u00fcrd\u00fcr\u00fclebilirlik, \u0130klim De\u011fi\u015fikli\u011fi ve Yenilenebilir Enerji konular\u0131 d\u00fcnya g\u00fcndemine gelmi\u015ftir. Kongremizde de KOB\u0130\u2019 lerimiz i\u00e7in \u00f6nem arz eden bu konular\u0131, yeni teknolojileri, f\u0131rsatlar ve riskleri i\u015fleyece\u011fiz.<\/p>\n<p>Kongremizde KOB\u0130\u2019 lerimizi, sekt\u00f6rlerimizi ve bireylerimizi, teknolojik geli\u015fim ve de\u011fi\u015fimlerden haberdar etmeye, sorunlar\u0131n\u0131n \u00e7\u00f6z\u00fclmesine yard\u0131mc\u0131 olmaya ve \u00fclke kalk\u0131nmas\u0131n\u0131n, verimli bir ekonomiye d\u00f6n\u00fc\u015fmesine katk\u0131 sa\u011flamay\u0131 hedefliyoruz.<\/p>\n<p>&nbsp;<\/p>\n<p>Sayg\u0131lar\u0131m\u0131zla,<\/p>\n<p>Rahmi AKTEPE\u00a0 \u00a0 \u00a0 \u00a0 \u00a0 \u00a0 \u00a0 \u00a0 \u00a0 \u00a0 \u00a0 \u00a0 \u00a0 \u00a0 \u00a0 \u00a0 \u00a0 \u00a0 \u00a0 \u00a0 \u00a0 \u00a0 \u00a0 \u00a0 \u00a0 \u00a0 \u00a0 \u00a0 \u00a0 \u00a0 \u00a0 \u00a0 \u00a0 \u00a0 \u00a0 \u00a0 \u00a0 \u00a0 \u00a0 \u00a0 Deniz T\u0130RYAK\u0130O\u011eLU<br \/>\nT\u00fcrkiye Bili\u015fim Derne\u011fi\u00a0 \u00a0 \u00a0 \u00a0 \u00a0 \u00a0 \u00a0 \u00a0 \u00a0 \u00a0 \u00a0 \u00a0 \u00a0 \u00a0 \u00a0 \u00a0 \u00a0 \u00a0 \u00a0 \u00a0 \u00a0 \u00a0 \u00a0 \u00a0 \u00a0 \u00a0 \u00a0 \u00a0 \u00a0 \u00a0 \u00a0 \u00a0 \u00a0 \u00a0TBD \u0130stanbul \u015eubesi<br \/>\nGenel Ba\u015fkan\u0131\u00a0 \u00a0 \u00a0 \u00a0 \u00a0 \u00a0 \u00a0 \u00a0 \u00a0 \u00a0 \u00a0 \u00a0 \u00a0 \u00a0 \u00a0 \u00a0 \u00a0 \u00a0 \u00a0 \u00a0 \u00a0 \u00a0 \u00a0 \u00a0 \u00a0 \u00a0 \u00a0 \u00a0 \u00a0 \u00a0 \u00a0 \u00a0 \u00a0 \u00a0 \u00a0 \u00a0 \u00a0 \u00a0 \u00a0 \u00a0 \u00a0 Y\u00f6netim Kurulu Ba\u015fkan\u0131<\/p>\n<h3><span style=\"color: #ff0000;\"><strong>ETK\u0130NL\u0130\u011e\u0130N SLOGANI<\/strong><\/span><\/h3>\n<hr \/>\n<p>Ye\u015fil D\u00fcnya, Teknoloji ve \u0130hracat\u00e7\u0131 Kobiler<\/p>\n<h3><strong><span style=\"color: #ff0000;\">ETK\u0130NL\u0130\u011e\u0130N ADI<\/span><\/strong><\/h3>\n<hr \/>\n<p>5. \u0130STANBUL KOB\u0130LER VE B\u0130L\u0130\u015e\u0130M KONGRES\u0130<\/p>\n<h3><strong><span style=\"color: #ff0000;\">ETK\u0130NL\u0130\u011e\u0130N TAR\u0130H\u0130<\/span><\/strong><\/h3>\n<hr \/>\n<p>\u0130stanbul, 25-26 May\u0131s 2022<\/p>\n<h3><strong><span style=\"color: #ff0000;\">ETK\u0130NL\u0130\u011e\u0130N AMACI<\/span><\/strong><\/h3>\n<hr \/>\n<ul>\n<li>KOB\u0130\u2019ler i\u00e7in kurumsalla\u015fma, giri\u015fimcilik ve ihracat, pazar ara\u015ft\u0131rmas\u0131, yurti\u00e7i ve yurtd\u0131\u015f\u0131 fuarlara kat\u0131l\u0131m destekleri gibi te\u015fvik ve destekler hakk\u0131nda bilgi sa\u011flamak.<\/li>\n<li>\u0130\u015fletmelerin ekonomik hayatta kal\u0131c\u0131 olabilmesi, geli\u015fmesi, g\u00fc\u00e7lendirilmesi ve kurumsalla\u015fmas\u0131 i\u00e7in yap\u0131lmas\u0131 gerekenleri belirlemek.<\/li>\n<li>K\u00fcreselle\u015fme ile gelen; rekabet etkisinin, teknik ve ticari i\u015fbirliklerin ve uluslararas\u0131 ili\u015fkilerin KOB\u0130 ve Esnaf ve Sanatkarlar \u00e7er\u00e7evesinde de\u011ferlendirilmesini sa\u011flamak.<\/li>\n<li>K\u00fcreselle\u015fmenin t\u00fcm \u00fclkeleri etkileyen ekonomik olumsuzluklar\u0131n\u0131n ortadan kald\u0131r\u0131lmas\u0131 i\u00e7in yap\u0131lan \u00e7al\u0131\u015fmalar ve KOB\u0130 ve Esnaf ve Sanatk\u00e2rlar ile Kooperatiflerin g\u00fc\u00e7lendirilmesi i\u00e7in izlenen bili\u015fim politikalar\u0131n\u0131 de\u011ferlendirmek.<\/li>\n<li>D\u00fc\u015f\u00fck katma de\u011ferli teknoloji kullan\u0131m\u0131n\u0131n k\u00fc\u00e7\u00fck \u00f6l\u00e7ekli i\u015fletmelerin verimlili\u011fine etkisini ve kay\u0131plar\u0131 ortaya koymak.<\/li>\n<li>\u00dclkemizde e-ticaret pazar\u0131n\u0131n geli\u015fmesi i\u00e7in \u00f6zellikle KOB\u0130\u2019lerin internet ortam\u0131nda rekabet edebilmeleri gerekmektedir. Bu kapsamda KOB\u0130\u2019ler i\u00e7in \u00f6nemli bir masraf te\u015fkil eden teknik altyap\u0131 giderlerinin desteklenmesine konusunda hayata ge\u00e7irilen tedbirler ve teknolojileri (bulut vs.) de\u011ferlendirmek.<\/li>\n<li>KOB\u0130 ve Esnaf ve Sanatk\u00e2rlar ile Kooperatiflerin bilgisayar sahipli\u011fi ve internet eri\u015fimini art\u0131r\u0131larak e-ticaret yapmaya te\u015fvik edilmeleri ve \u00f6zel programlar\u0131n hayata ge\u00e7irilmesi i\u00e7in gerekli \u00e7al\u0131\u015fmalar\u0131 belirlemek.<\/li>\n<\/ul>\n<h3><span style=\"color: #ff0000;\"><strong>HEDEF K\u0130TLE<\/strong><\/span><\/h3>\n<hr \/>\n<ul>\n<li>T\u00fcm KOB\u0130\u2019 ler<\/li>\n<li>T\u0130M \u00dcyeleri, OSB Firmalar\u0131, Sanayi ve Ticaret Odalar\u0131 \u00dcyeleri<\/li>\n<li>KOB\u0130\u2019lerin y\u00f6neticileri<\/li>\n<li>KOB\u0130\u2019lerde karar al\u0131c\u0131lar<\/li>\n<li>KOB\u0130\u2019lerin bili\u015fim sorumlular\u0131<\/li>\n<li>\u0130lgili Bakanl\u0131klar ve kamu kurum \u00e7al\u0131\u015fanlar\u0131<\/li>\n<li>Gen\u00e7 KOB\u0130\u2019ler<\/li>\n<li>Giri\u015fimciler ve Yat\u0131r\u0131mc\u0131lar (Melek Yat\u0131r\u0131m, Giri\u015f Sermayesi Fon Y\u00f6neticileri)<\/li>\n<li>Teknoloji ile ilgili herkes<\/li>\n<\/ul>\n<h3><strong><span style=\"color: #ff0000;\">KONGRE KONULARI<\/span><\/strong><\/h3>\n<hr \/>\n<ul>\n<li>Ye\u015fil OSB&#8217; ler ve KOB\u0130&#8217; ler<\/li>\n<li>KOB\u0130\u2019 lerin Geli\u015fiminde Yaz\u0131mlar\u0131n G\u00fcc\u00fc<\/li>\n<li>Yeni Teknolojiler ve Yap\u0131c\u0131 Etkileri (Metaverse &#8211; Art\u0131r\u0131lm\u0131\u015f Ger\u00e7eklik)<\/li>\n<li>E-Ticarette Rekabetin Ba\u015f Akt\u00f6r\u00fc (Giri\u015fimcilik)<\/li>\n<li>G\u00fcn\u00fcm\u00fczde E- Lojistik (Lojisti\u011fi Ayakta Tutan Bili\u015fim \u00c7\u00f6z\u00fcmleri)<\/li>\n<\/ul>\n","protected":false},"excerpt":{"rendered":"<p>De\u011ferli Kat\u0131l\u0131mc\u0131m\u0131z, T\u00fcrkiye Bili\u015fim Derne\u011fi \u0130stanbul \u015eubesi taraf\u0131ndan d\u00fczenlenen\u00a05. \u0130stanbul KOB\u0130\u2019ler ve Bili\u015fim Kongremiz\u00a0bu sene\u00a025-26 May\u0131s 2022\u00a0tarihlerinde\u00a0\u00e7evrim i\u00e7i\u00a0olarak yap\u0131lacakt\u0131r. Temam\u0131z\u00a0\u201cYe\u015fil D\u00fcnya, Teknoloji ve \u0130hracat\u00e7\u0131 KOB\u0130\u2019ler\u201d Son<span class=\"excerpt-hellip\"> [\u2026]<\/span><\/p>\n","protected":false},"author":1,"featured_media":0,"parent":74,"menu_order":0,"comment_status":"closed","ping_status":"closed","template":"","meta":{"rs_blank_template":"","rs_page_bg_color":"","slide_template_v7":"","footnotes":""},"class_list":["post-10","page","type-page","status-publish","hentry"],"_links":{"self":[{"href":"https:\/\/www.kobibilisim.org.tr\/2022\/wp-json\/wp\/v2\/pages\/10","targetHints":{"allow":["GET"]}}],"collection":[{"href":"https:\/\/www.kobibilisim.org.tr\/2022\/wp-json\/wp\/v2\/pages"}],"about":[{"href":"https:\/\/www.kobibilisim.org.tr\/2022\/wp-json\/wp\/v2\/types\/page"}],"author":[{"embeddable":true,"href":"https:\/\/www.kobibilisim.org.tr\/2022\/wp-json\/wp\/v2\/users\/1"}],"replies":[{"embeddable":true,"href":"https:\/\/www.kobibilisim.org.tr\/2022\/wp-json\/wp\/v2\/comments?post=10"}],"version-history":[{"count":24,"href":"https:\/\/www.kobibilisim.org.tr\/2022\/wp-json\/wp\/v2\/pages\/10\/revisions"}],"predecessor-version":[{"id":600,"href":"https:\/\/www.kobibilisim.org.tr\/2022\/wp-json\/wp\/v2\/pages\/10\/revisions\/600"}],"up":[{"embeddable":true,"href":"https:\/\/www.kobibilisim.org.tr\/2022\/wp-json\/wp\/v2\/pages\/74"}],"wp:attachment":[{"href":"https:\/\/www.kobibilisim.org.tr\/2022\/wp-json\/wp\/v2\/media?parent=10"}],"curies":[{"name":"wp","href":"https:\/\/api.w.org\/{rel}","templated":true}]}}