{"id":636,"date":"2021-09-10T16:32:34","date_gmt":"2021-09-10T13:32:34","guid":{"rendered":"https:\/\/www.kobibilisim.org.tr\/2022\/?page_id=636"},"modified":"2022-03-29T16:36:44","modified_gmt":"2022-03-29T13:36:44","slug":"kongre-bilgileri","status":"publish","type":"page","link":"https:\/\/www.kobibilisim.org.tr\/2022\/izmir\/kongre-bilgileri","title":{"rendered":"KONGRE B\u0130LG\u0130LER\u0130"},"content":{"rendered":"<h3><span style=\"color: #ff0000;\"><strong>ETK\u0130NL\u0130\u011e\u0130N SLOGANI<\/strong><\/span><\/h3>\n<hr \/>\n<p>Gelece\u011fi \u015fekillendiren kobiler; tehdit ve f\u0131rsatlar.<\/p>\n<h3><strong><span style=\"color: #ff0000;\">ETK\u0130NL\u0130\u011e\u0130N ADI<\/span><\/strong><\/h3>\n<hr \/>\n<p>3. \u0130ZM\u0130R KOB\u0130LER VE B\u0130L\u0130\u015e\u0130M KONGRES\u0130<\/p>\n<h3><strong><span style=\"color: #ff0000;\">ETK\u0130NL\u0130\u011e\u0130N TAR\u0130H\u0130<\/span><\/strong><\/h3>\n<hr \/>\n<p>15 Nisan 2022, \u0130zmir Ticaret Odas\u0131 \/ \u0130ZM\u0130R<\/p>\n<h3><strong><span style=\"color: #ff0000;\">ETK\u0130NL\u0130\u011e\u0130N AMACI<\/span><\/strong><\/h3>\n<hr \/>\n<ul>\n<li>KOB\u0130\u2019ler i\u00e7in kurumsalla\u015fma, giri\u015fimcilik ve ihracat, pazar ara\u015ft\u0131rmas\u0131, yurti\u00e7i ve yurtd\u0131\u015f\u0131 fuarlara kat\u0131l\u0131m destekleri gibi te\u015fvik ve destekler hakk\u0131nda bilgi sa\u011flamak.<\/li>\n<li>\u0130\u015fletmelerin ekonomik hayatta kal\u0131c\u0131 olabilmesi, geli\u015fmesi, g\u00fc\u00e7lendirilmesi ve kurumsalla\u015fmas\u0131 i\u00e7in yap\u0131lmas\u0131 gerekenleri belirlemek.<\/li>\n<li>K\u00fcreselle\u015fme ile gelen; rekabet etkisinin, teknik ve ticari i\u015fbirliklerin ve uluslararas\u0131 ili\u015fkilerin KOB\u0130 ve Esnaf ve Sanatkarlar \u00e7er\u00e7evesinde de\u011ferlendirilmesini sa\u011flamak.<\/li>\n<li>K\u00fcreselle\u015fmenin t\u00fcm \u00fclkeleri etkileyen ekonomik olumsuzluklar\u0131n\u0131n ortadan kald\u0131r\u0131lmas\u0131 i\u00e7in yap\u0131lan \u00e7al\u0131\u015fmalar ve KOB\u0130 ve Esnaf ve Sanatk\u00e2rlar ile Kooperatiflerin g\u00fc\u00e7lendirilmesi i\u00e7in izlenen bili\u015fim politikalar\u0131n\u0131 de\u011ferlendirmek.<\/li>\n<li>D\u00fc\u015f\u00fck katma de\u011ferli teknoloji kullan\u0131m\u0131n\u0131n k\u00fc\u00e7\u00fck \u00f6l\u00e7ekli i\u015fletmelerin verimlili\u011fine etkisini ve kay\u0131plar\u0131 ortaya koymak.<\/li>\n<li>\u00dclkemizde e-ticaret pazar\u0131n\u0131n geli\u015fmesi i\u00e7in \u00f6zellikle KOB\u0130\u2019lerin internet ortam\u0131nda rekabet edebilmeleri gerekmektedir. Bu kapsamda KOB\u0130\u2019ler i\u00e7in \u00f6nemli bir masraf te\u015fkil eden teknik altyap\u0131 giderlerinin desteklenmesine konusunda hayata ge\u00e7irilen tedbirler ve teknolojileri (bulut vs.) de\u011ferlendirmek.<\/li>\n<li>KOB\u0130 ve Esnaf ve Sanatk\u00e2rlar ile Kooperatiflerin bilgisayar sahipli\u011fi ve internet eri\u015fimini art\u0131r\u0131larak e-ticaret yapmaya te\u015fvik edilmeleri ve \u00f6zel programlar\u0131n hayata ge\u00e7irilmesi i\u00e7in gerekli \u00e7al\u0131\u015fmalar\u0131 belirlemek.<\/li>\n<\/ul>\n<h3><span style=\"color: #ff0000;\"><strong>HEDEF K\u0130TLE<\/strong><\/span><\/h3>\n<hr \/>\n<ul>\n<li>ASO ve EBSO \u00dcyeleri<\/li>\n<li>ATO ve \u0130ZTO \u00dcyeleri<\/li>\n<li>KOB\u0130\u2019lerin y\u00f6neticileri<\/li>\n<li>KOB\u0130\u2019lerde karar al\u0131c\u0131lar<\/li>\n<li>KOB\u0130\u2019lerin bili\u015fim sorumlular\u0131<\/li>\n<li>\u0130lgili Bakanl\u0131klar ve kamu kurum \u00e7al\u0131\u015fanlar\u0131<\/li>\n<li>Gen\u00e7 KOB\u0130\u2019ler<\/li>\n<li>Giri\u015fimciler ve Yat\u0131r\u0131mc\u0131lar (Melek Yat\u0131r\u0131m, Giri\u015f Sermayesi Fon Y\u00f6neticileri)<\/li>\n<\/ul>\n<h3><strong><span style=\"color: #ff0000;\">KONGRE KONULARI<\/span><\/strong><\/h3>\n<hr \/>\n<ul>\n<li>Dijital D\u00f6n\u00fc\u015f\u00fcm ve Yeni F\u0131rsatlar<\/li>\n<li>Rekabet G\u00fcc\u00fc, Stratejiler ve \u00dcretim Yap\u0131s\u0131<\/li>\n<li>Yenilik\u00e7ilik ve Ar-Ge<\/li>\n<li>Verimlilik<\/li>\n<li>E-Ticaret ve E-\u0130hracat<\/li>\n<li>KOB\u0130\u2019lere G\u00fc\u00e7 Veren Teknoloji ve \u00c7\u00f6z\u00fcmler (Dijital D\u00f6n\u00fc\u015f\u00fcm Teknolojileri, Yapay Zeka, Nesnelerin \u0130nterneti, B\u00fcy\u00fck Veri, Otonom Sistemler, Siber G\u00fcvenlik vb.)<\/li>\n<li>Bili\u015fim G\u00fcvenli\u011fi Fark\u0131ndal\u0131\u011f\u0131<\/li>\n<li>Gen\u00e7 KOB\u0130 ve Gen\u00e7 Giri\u015fimcilere \u00c7\u00f6z\u00fcm \u00d6nerileri<\/li>\n<li>Melek Yat\u0131r\u0131mc\u0131lar ve Risk Sermayesi Kavramlar\u0131<\/li>\n<li>Rekabet Stratejileri ve Y\u00f6neti\u015fim<\/li>\n<li>\u00dcreten KOB\u0130\u2019ler i\u00e7in Kurumsal Kaynak Planlamas\u0131<\/li>\n<\/ul>\n","protected":false},"excerpt":{"rendered":"<p>ETK\u0130NL\u0130\u011e\u0130N SLOGANI Gelece\u011fi \u015fekillendiren kobiler; tehdit ve f\u0131rsatlar. ETK\u0130NL\u0130\u011e\u0130N ADI 3. \u0130ZM\u0130R KOB\u0130LER VE B\u0130L\u0130\u015e\u0130M KONGRES\u0130 ETK\u0130NL\u0130\u011e\u0130N TAR\u0130H\u0130 15 Nisan 2022, \u0130zmir Ticaret Odas\u0131 \/ \u0130ZM\u0130R<span class=\"excerpt-hellip\"> [\u2026]<\/span><\/p>\n","protected":false},"author":1,"featured_media":0,"parent":620,"menu_order":0,"comment_status":"closed","ping_status":"closed","template":"","meta":{"rs_blank_template":"","rs_page_bg_color":"","slide_template_v7":"","footnotes":""},"class_list":["post-636","page","type-page","status-publish","hentry"],"_links":{"self":[{"href":"https:\/\/www.kobibilisim.org.tr\/2022\/wp-json\/wp\/v2\/pages\/636","targetHints":{"allow":["GET"]}}],"collection":[{"href":"https:\/\/www.kobibilisim.org.tr\/2022\/wp-json\/wp\/v2\/pages"}],"about":[{"href":"https:\/\/www.kobibilisim.org.tr\/2022\/wp-json\/wp\/v2\/types\/page"}],"author":[{"embeddable":true,"href":"https:\/\/www.kobibilisim.org.tr\/2022\/wp-json\/wp\/v2\/users\/1"}],"replies":[{"embeddable":true,"href":"https:\/\/www.kobibilisim.org.tr\/2022\/wp-json\/wp\/v2\/comments?post=636"}],"version-history":[{"count":3,"href":"https:\/\/www.kobibilisim.org.tr\/2022\/wp-json\/wp\/v2\/pages\/636\/revisions"}],"predecessor-version":[{"id":784,"href":"https:\/\/www.kobibilisim.org.tr\/2022\/wp-json\/wp\/v2\/pages\/636\/revisions\/784"}],"up":[{"embeddable":true,"href":"https:\/\/www.kobibilisim.org.tr\/2022\/wp-json\/wp\/v2\/pages\/620"}],"wp:attachment":[{"href":"https:\/\/www.kobibilisim.org.tr\/2022\/wp-json\/wp\/v2\/media?parent=636"}],"curies":[{"name":"wp","href":"https:\/\/api.w.org\/{rel}","templated":true}]}}